{"id":363,"date":"2021-05-15T22:01:22","date_gmt":"2021-05-15T20:01:22","guid":{"rendered":"http:\/\/asdesgreensdeugenie.fr\/?page_id=363"},"modified":"2025-12-23T15:09:58","modified_gmt":"2025-12-23T14:09:58","slug":"nos-competitions-animations","status":"publish","type":"page","link":"https:\/\/asdesgreensdeugenie.fr\/index.php\/nos-competitions-animations\/","title":{"rendered":"Nos Comp\u00e9titions, Animations"},"content":{"rendered":"\n<p class=\"has-text-align-center has-white-color has-accent-background-color has-text-color has-background has-link-color has-large-font-size wp-elements-b6b7945656697dbd3205fbfcc35b6143\"><strong><em>SAISON 202<\/em><\/strong>5\/2026<\/p>\n\n\n\n<figure class=\"wp-block-image size-large\"><img loading=\"lazy\" decoding=\"async\" width=\"723\" height=\"1024\" src=\"https:\/\/asdesgreensdeugenie.fr\/wp-content\/uploads\/2025\/12\/Screenshot_20251223_150731_com_instagram_android_InstagramMainActivity-723x1024.jpg\" alt=\"\" class=\"wp-image-3082\" srcset=\"https:\/\/asdesgreensdeugenie.fr\/wp-content\/uploads\/2025\/12\/Screenshot_20251223_150731_com_instagram_android_InstagramMainActivity-723x1024.jpg 723w, https:\/\/asdesgreensdeugenie.fr\/wp-content\/uploads\/2025\/12\/Screenshot_20251223_150731_com_instagram_android_InstagramMainActivity-212x300.jpg 212w, https:\/\/asdesgreensdeugenie.fr\/wp-content\/uploads\/2025\/12\/Screenshot_20251223_150731_com_instagram_android_InstagramMainActivity-768x1087.jpg 768w, https:\/\/asdesgreensdeugenie.fr\/wp-content\/uploads\/2025\/12\/Screenshot_20251223_150731_com_instagram_android_InstagramMainActivity.jpg 1066w\" sizes=\"auto, (max-width: 723px) 100vw, 723px\" \/><\/figure>\n\n\n\n<p class=\"has-text-align-center has-accent-color has-text-color has-link-color has-large-font-size wp-elements-6f16a632f2356736a6538414a86d5e10\"><strong>CHAMPIONNAT DES LANDES 2025<\/strong><\/p>\n\n\n\n<figure class=\"wp-block-image size-large\"><img loading=\"lazy\" decoding=\"async\" width=\"911\" height=\"1024\" src=\"https:\/\/asdesgreensdeugenie.fr\/wp-content\/uploads\/2025\/12\/Capture-decran-2025-12-23-a-15.01.50-911x1024.png\" alt=\"\" class=\"wp-image-3078\" srcset=\"https:\/\/asdesgreensdeugenie.fr\/wp-content\/uploads\/2025\/12\/Capture-decran-2025-12-23-a-15.01.50-911x1024.png 911w, https:\/\/asdesgreensdeugenie.fr\/wp-content\/uploads\/2025\/12\/Capture-decran-2025-12-23-a-15.01.50-267x300.png 267w, https:\/\/asdesgreensdeugenie.fr\/wp-content\/uploads\/2025\/12\/Capture-decran-2025-12-23-a-15.01.50-768x863.png 768w, https:\/\/asdesgreensdeugenie.fr\/wp-content\/uploads\/2025\/12\/Capture-decran-2025-12-23-a-15.01.50.png 1032w\" sizes=\"auto, (max-width: 911px) 100vw, 911px\" \/><\/figure>\n\n\n\n<p class=\"has-text-align-center has-header-gradient-color has-text-color has-link-color has-large-font-size wp-elements-04edd69a776f7f388d96ecf35caf7acb\"><strong>INSCRIPTIONS AU CLUB HOUSE OU AUPRES DE ALAIN GOURGUES<\/strong><\/p>\n\n\n\n<p class=\"has-text-align-center has-background-color-background-color has-text-color has-background has-link-color has-large-font-size wp-elements-0d09943e82b5c83697962e131152e190\" style=\"color:#2d6d34\"><strong><em>SAISON 2024<\/em><\/strong>\/2025<\/p>\n\n\n\n<p class=\"has-text-align-center has-medium-font-size\"><strong>CHAMPIONNAT DES LANDES 2024<\/strong><\/p>\n\n\n<div class=\"wp-block-image\">\n<figure class=\"aligncenter size-large\"><img loading=\"lazy\" decoding=\"async\" width=\"562\" height=\"1024\" src=\"https:\/\/asdesgreensdeugenie.fr\/wp-content\/uploads\/2024\/09\/Capture-decran-2024-09-09-a-21.10.44-562x1024.png\" alt=\"\" class=\"wp-image-2953\" srcset=\"https:\/\/asdesgreensdeugenie.fr\/wp-content\/uploads\/2024\/09\/Capture-decran-2024-09-09-a-21.10.44-562x1024.png 562w, https:\/\/asdesgreensdeugenie.fr\/wp-content\/uploads\/2024\/09\/Capture-decran-2024-09-09-a-21.10.44-165x300.png 165w, https:\/\/asdesgreensdeugenie.fr\/wp-content\/uploads\/2024\/09\/Capture-decran-2024-09-09-a-21.10.44.png 564w\" sizes=\"auto, (max-width: 562px) 100vw, 562px\" \/><\/figure>\n<\/div>\n\n\n<p class=\"has-text-align-center has-header-gradient-color has-text-color has-link-color wp-elements-ad6baf282c4dfeb79724b4f5b0cb7508\"><strong>LA FINALE EST PREVUE LE 23 FEVRIER 2025 SUR LE GOLF DE SEIGNOSSE<\/strong><\/p>\n\n\n\n<p><\/p>\n\n\n\n<p><\/p>\n\n\n\n<div class=\"wp-block-media-text alignwide is-stacked-on-mobile\" style=\"grid-template-columns:28% auto\"><figure class=\"wp-block-media-text__media\"><img loading=\"lazy\" decoding=\"async\" width=\"1024\" height=\"1000\" src=\"https:\/\/asdesgreensdeugenie.fr\/wp-content\/uploads\/2022\/05\/AFFICHE-QUADRANGULAIRE-1024x1000.png\" alt=\"\" class=\"wp-image-1572 size-full\" srcset=\"https:\/\/asdesgreensdeugenie.fr\/wp-content\/uploads\/2022\/05\/AFFICHE-QUADRANGULAIRE-1024x1000.png 1024w, https:\/\/asdesgreensdeugenie.fr\/wp-content\/uploads\/2022\/05\/AFFICHE-QUADRANGULAIRE-300x293.png 300w, https:\/\/asdesgreensdeugenie.fr\/wp-content\/uploads\/2022\/05\/AFFICHE-QUADRANGULAIRE-768x750.png 768w, https:\/\/asdesgreensdeugenie.fr\/wp-content\/uploads\/2022\/05\/AFFICHE-QUADRANGULAIRE.png 1040w\" sizes=\"auto, (max-width: 1024px) 100vw, 1024px\" \/><\/figure><div class=\"wp-block-media-text__content\">\n<p class=\"has-text-align-center has-large-font-size\"><em><strong><mark style=\"background-color:#ffffff\" class=\"has-inline-color has-accent-color\"> <\/mark><\/strong><\/em><strong>Quadrangulaire S\u00e9niors<\/strong><\/p>\n\n\n\n<blockquote class=\"wp-block-quote is-layout-flow wp-block-quote-is-layout-flow\">\n<p>02 MAI 2024 &#8211; MONT DE MARSAN<br>23 MAI 2024 &#8211; SALIES DE BEARN<em>TURSAN &#8211; bahus soubiran<\/em><br>06 JUIN 2024 &#8211; BAGNERES DE BIGORRE<br>04 JUILLET 2024 &#8211; <em>TURSAN &#8211; Bahus Soubiran<\/em><\/p>\n\n\n\n<p><strong>03 OCTOBRE 2024 : FINALE A LANNEMEZAN<\/strong><\/p>\n<\/blockquote>\n<\/div><\/div>\n\n\n\n<div class=\"wp-block-media-text alignwide is-stacked-on-mobile\" style=\"grid-template-columns:36% auto\"><figure class=\"wp-block-media-text__media\"><img loading=\"lazy\" decoding=\"async\" width=\"686\" height=\"714\" src=\"https:\/\/asdesgreensdeugenie.fr\/wp-content\/uploads\/2022\/05\/affiche-amicale-golf-seniors.png\" alt=\"\" class=\"wp-image-1569 size-full\" srcset=\"https:\/\/asdesgreensdeugenie.fr\/wp-content\/uploads\/2022\/05\/affiche-amicale-golf-seniors.png 686w, https:\/\/asdesgreensdeugenie.fr\/wp-content\/uploads\/2022\/05\/affiche-amicale-golf-seniors-288x300.png 288w\" sizes=\"auto, (max-width: 686px) 100vw, 686px\" \/><\/figure><div class=\"wp-block-media-text__content\">\n<p class=\"has-text-align-center has-large-font-size\"><strong>Amicale s\u00e9niors<\/strong><\/p>\n\n\n\n<p class=\"has-text-align-left\">1\u00e8re date : 28 MARS  D\u00e9placement \u00e0 EAUZE <\/p>\n\n\n\n<p>2\u00e8 date : 04  Avril R\u00e9ception HIPPODROME<\/p>\n\n\n\n<p>3\u00e8 date : 11 AVRIL  RECEPTION EAUZE<\/p>\n\n\n\n<p>4\u00e8 date : 28 MAI  D\u00e9placement Hippodrome<\/p>\n\n\n\n<p>5\u00e8 date : 20 Juin RECEPTION SALIES DE BEARN<\/p>\n\n\n\n<p>6\u00e8 date : 2 JUILLET DEPLACEMENT  SAUTERNAIS<\/p>\n\n\n\n<p>7\u00e8 date : 16 JUILLET  RECEPTION BAGNERES DE BIGORRE<\/p>\n\n\n\n<p>8\u00e8 date : 27 AOUT  DEPLACEMENT SALIES DE BEARN<\/p>\n\n\n\n<p>9\u00e8 date : 3 septembre RECEPTION PAU-ARTIGUELOUVE<\/p>\n\n\n\n<p>10\u00e8 date : 24 SEPTEMBRE RECEPTION COMMINGE <\/p>\n\n\n\n<p>11\u00e8 date : 10 OCTOBRE RECEPTION SAUTERNAIS<\/p>\n\n\n\n<p>12\u00e8 date : 28 NOVEMBRE DEPLACEMENT PAU-ARTIGUELOUVE<\/p>\n<\/div><\/div>\n\n\n\n<figure class=\"wp-block-image size-large\"><img loading=\"lazy\" decoding=\"async\" width=\"1024\" height=\"697\" src=\"https:\/\/asdesgreensdeugenie.fr\/wp-content\/uploads\/2024\/03\/Capture-decran-2024-03-25-a-16.40.58-1024x697.png\" alt=\"\" class=\"wp-image-2782\" srcset=\"https:\/\/asdesgreensdeugenie.fr\/wp-content\/uploads\/2024\/03\/Capture-decran-2024-03-25-a-16.40.58-1024x697.png 1024w, https:\/\/asdesgreensdeugenie.fr\/wp-content\/uploads\/2024\/03\/Capture-decran-2024-03-25-a-16.40.58-300x204.png 300w, https:\/\/asdesgreensdeugenie.fr\/wp-content\/uploads\/2024\/03\/Capture-decran-2024-03-25-a-16.40.58-768x523.png 768w, https:\/\/asdesgreensdeugenie.fr\/wp-content\/uploads\/2024\/03\/Capture-decran-2024-03-25-a-16.40.58.png 1072w\" sizes=\"auto, (max-width: 1024px) 100vw, 1024px\" \/><\/figure>\n\n\n\n<figure class=\"wp-block-image size-large\"><img loading=\"lazy\" decoding=\"async\" width=\"1024\" height=\"717\" src=\"https:\/\/asdesgreensdeugenie.fr\/wp-content\/uploads\/2024\/03\/Capture-decran-2024-03-25-a-16.41.10-1024x717.png\" alt=\"\" class=\"wp-image-2781\" srcset=\"https:\/\/asdesgreensdeugenie.fr\/wp-content\/uploads\/2024\/03\/Capture-decran-2024-03-25-a-16.41.10-1024x717.png 1024w, https:\/\/asdesgreensdeugenie.fr\/wp-content\/uploads\/2024\/03\/Capture-decran-2024-03-25-a-16.41.10-300x210.png 300w, https:\/\/asdesgreensdeugenie.fr\/wp-content\/uploads\/2024\/03\/Capture-decran-2024-03-25-a-16.41.10-768x538.png 768w, https:\/\/asdesgreensdeugenie.fr\/wp-content\/uploads\/2024\/03\/Capture-decran-2024-03-25-a-16.41.10.png 1062w\" sizes=\"auto, (max-width: 1024px) 100vw, 1024px\" \/><\/figure>\n\n\n\n<p class=\"has-text-align-center has-accent-color has-background-color-background-color has-text-color has-background has-x-large-font-size\" style=\"font-style:normal;font-weight:800;letter-spacing:8px\">SAISON    2023<\/p>\n\n\n\n<figure class=\"wp-block-image size-large\"><img loading=\"lazy\" decoding=\"async\" width=\"1024\" height=\"744\" src=\"https:\/\/asdesgreensdeugenie.fr\/wp-content\/uploads\/2023\/02\/Capture-decran-2023-02-28-a-15.59.53-1024x744.png\" alt=\"\" class=\"wp-image-2139\" srcset=\"https:\/\/asdesgreensdeugenie.fr\/wp-content\/uploads\/2023\/02\/Capture-decran-2023-02-28-a-15.59.53-1024x744.png 1024w, https:\/\/asdesgreensdeugenie.fr\/wp-content\/uploads\/2023\/02\/Capture-decran-2023-02-28-a-15.59.53-300x218.png 300w, https:\/\/asdesgreensdeugenie.fr\/wp-content\/uploads\/2023\/02\/Capture-decran-2023-02-28-a-15.59.53-768x558.png 768w, https:\/\/asdesgreensdeugenie.fr\/wp-content\/uploads\/2023\/02\/Capture-decran-2023-02-28-a-15.59.53-1536x1116.png 1536w, https:\/\/asdesgreensdeugenie.fr\/wp-content\/uploads\/2023\/02\/Capture-decran-2023-02-28-a-15.59.53.png 1622w\" sizes=\"auto, (max-width: 1024px) 100vw, 1024px\" \/><\/figure>\n\n\n\n<figure class=\"wp-block-image size-large\"><img loading=\"lazy\" decoding=\"async\" width=\"1024\" height=\"748\" src=\"https:\/\/asdesgreensdeugenie.fr\/wp-content\/uploads\/2023\/02\/Capture-decran-2023-02-28-a-15.59.32-1024x748.png\" alt=\"\" class=\"wp-image-2141\" srcset=\"https:\/\/asdesgreensdeugenie.fr\/wp-content\/uploads\/2023\/02\/Capture-decran-2023-02-28-a-15.59.32-1024x748.png 1024w, https:\/\/asdesgreensdeugenie.fr\/wp-content\/uploads\/2023\/02\/Capture-decran-2023-02-28-a-15.59.32-300x219.png 300w, https:\/\/asdesgreensdeugenie.fr\/wp-content\/uploads\/2023\/02\/Capture-decran-2023-02-28-a-15.59.32-768x561.png 768w, https:\/\/asdesgreensdeugenie.fr\/wp-content\/uploads\/2023\/02\/Capture-decran-2023-02-28-a-15.59.32-1536x1123.png 1536w, https:\/\/asdesgreensdeugenie.fr\/wp-content\/uploads\/2023\/02\/Capture-decran-2023-02-28-a-15.59.32.png 1620w\" sizes=\"auto, (max-width: 1024px) 100vw, 1024px\" \/><\/figure>\n\n\n\n<p class=\"has-text-align-center has-header-gradient-color has-background-color-background-color has-text-color has-background has-large-font-size\"><strong><em>SAISON 2022<\/em><\/strong><\/p>\n\n\n\n<div class=\"wp-block-media-text alignwide is-stacked-on-mobile\" style=\"grid-template-columns:36% auto\"><figure class=\"wp-block-media-text__media\"><img loading=\"lazy\" decoding=\"async\" width=\"686\" height=\"714\" src=\"https:\/\/asdesgreensdeugenie.fr\/wp-content\/uploads\/2022\/05\/affiche-amicale-golf-seniors.png\" alt=\"\" class=\"wp-image-1569 size-full\" srcset=\"https:\/\/asdesgreensdeugenie.fr\/wp-content\/uploads\/2022\/05\/affiche-amicale-golf-seniors.png 686w, https:\/\/asdesgreensdeugenie.fr\/wp-content\/uploads\/2022\/05\/affiche-amicale-golf-seniors-288x300.png 288w\" sizes=\"auto, (max-width: 686px) 100vw, 686px\" \/><\/figure><div class=\"wp-block-media-text__content\">\n<p class=\"has-text-align-center has-large-font-size\"><strong>Amicale s\u00e9niors<\/strong><\/p>\n\n\n\n<p class=\"has-text-align-left\">1\u00e8re date : Jeudi 7 Avril D\u00e9placement \u00e0 Mimizan <\/p>\n\n\n\n<p>2\u00e8 date : Mardi 26 Avril R\u00e9ception Tumulus<\/p>\n\n\n\n<p>3\u00e8 date : Mardi 10 Mai D\u00e9placement PGC 1856<\/p>\n\n\n\n<p>4\u00e8 date : Mardi 24 Mai D\u00e9placement Hippodrome<\/p>\n\n\n\n<p>5\u00e8 date :Mardi 14 Juin R\u00e9ception PGC 1856<\/p>\n\n\n\n<p>6\u00e8 date : Mardi 28 Juin R\u00e9ception Mimizan<\/p>\n\n\n\n<p>7\u00e8 date : Mardi 5 juillet D\u00e9placement Tarbes Tumulus<\/p>\n\n\n\n<p>8\u00e8 date : Mardi 26 juillet R\u00e9ception Hippodrome<\/p>\n\n\n\n<p>9\u00e8 date : Mardi 20 septembre R\u00e9ception Salies de B\u00e9arn<\/p>\n\n\n\n<p>10\u00e8 date : Mardi 25 octobre D\u00e9placement Salies de B\u00e9arn<\/p>\n<\/div><\/div>\n\n\n\n<p>*****************************************************************************<\/p>\n\n\n\n<div class=\"wp-block-media-text alignwide is-stacked-on-mobile\" style=\"grid-template-columns:28% auto\"><figure class=\"wp-block-media-text__media\"><img loading=\"lazy\" decoding=\"async\" width=\"1024\" height=\"1000\" src=\"https:\/\/asdesgreensdeugenie.fr\/wp-content\/uploads\/2022\/05\/AFFICHE-QUADRANGULAIRE-1024x1000.png\" alt=\"\" class=\"wp-image-1572 size-full\" srcset=\"https:\/\/asdesgreensdeugenie.fr\/wp-content\/uploads\/2022\/05\/AFFICHE-QUADRANGULAIRE-1024x1000.png 1024w, https:\/\/asdesgreensdeugenie.fr\/wp-content\/uploads\/2022\/05\/AFFICHE-QUADRANGULAIRE-300x293.png 300w, https:\/\/asdesgreensdeugenie.fr\/wp-content\/uploads\/2022\/05\/AFFICHE-QUADRANGULAIRE-768x750.png 768w, https:\/\/asdesgreensdeugenie.fr\/wp-content\/uploads\/2022\/05\/AFFICHE-QUADRANGULAIRE.png 1040w\" sizes=\"auto, (max-width: 1024px) 100vw, 1024px\" \/><\/figure><div class=\"wp-block-media-text__content\">\n<p class=\"has-text-align-center has-large-font-size\"><em><strong><mark style=\"background-color:#ffffff\" class=\"has-inline-color has-accent-color\"> <\/mark><\/strong><\/em><strong>Quadrangulaire S\u00e9niors<\/strong><\/p>\n\n\n\n<blockquote class=\"wp-block-quote is-layout-flow wp-block-quote-is-layout-flow\">\n<p>31\/03\/2022 &#8211; MONT DE MARSAN<br>19\/05\/2022 &#8211; <em>TURSAN &#8211; bahus soubiran<\/em><br>09\/06\/2022 &#8211; SALIES DE BEARN<br>23\/06\/2022 &#8211; BAGNERES DE BIGORRE<\/p>\n\n\n\n<p><strong><u>15\/09\/2022<\/u> FINALE A BAGNERES DE BIGORRE<\/strong><\/p>\n<\/blockquote>\n<\/div><\/div>\n\n\n\n<p class=\"has-text-align-center has-large-font-size\"><mark style=\"background-color:rgba(0, 0, 0, 0)\" class=\"has-inline-color has-accent-color\"><strong>Calendrier Annuel saison 2022<\/strong><\/mark><\/p>\n\n\n\n<figure class=\"wp-block-image size-large\"><img loading=\"lazy\" decoding=\"async\" width=\"1024\" height=\"695\" src=\"https:\/\/asdesgreensdeugenie.fr\/wp-content\/uploads\/2022\/05\/Capture-decran-2022-05-07-a-15.58.37-1024x695.png\" alt=\"\" class=\"wp-image-1590\" srcset=\"https:\/\/asdesgreensdeugenie.fr\/wp-content\/uploads\/2022\/05\/Capture-decran-2022-05-07-a-15.58.37-1024x695.png 1024w, https:\/\/asdesgreensdeugenie.fr\/wp-content\/uploads\/2022\/05\/Capture-decran-2022-05-07-a-15.58.37-300x204.png 300w, https:\/\/asdesgreensdeugenie.fr\/wp-content\/uploads\/2022\/05\/Capture-decran-2022-05-07-a-15.58.37-768x521.png 768w, https:\/\/asdesgreensdeugenie.fr\/wp-content\/uploads\/2022\/05\/Capture-decran-2022-05-07-a-15.58.37-1536x1043.png 1536w, https:\/\/asdesgreensdeugenie.fr\/wp-content\/uploads\/2022\/05\/Capture-decran-2022-05-07-a-15.58.37.png 1600w\" sizes=\"auto, (max-width: 1024px) 100vw, 1024px\" \/><\/figure>\n\n\n\n<figure class=\"wp-block-image size-large\"><img loading=\"lazy\" decoding=\"async\" width=\"1024\" height=\"724\" src=\"https:\/\/asdesgreensdeugenie.fr\/wp-content\/uploads\/2022\/07\/calendrier-2esemestre-2022-asdge-1024x724.png\" alt=\"\" class=\"wp-image-1799\" srcset=\"https:\/\/asdesgreensdeugenie.fr\/wp-content\/uploads\/2022\/07\/calendrier-2esemestre-2022-asdge-1024x724.png 1024w, https:\/\/asdesgreensdeugenie.fr\/wp-content\/uploads\/2022\/07\/calendrier-2esemestre-2022-asdge-300x212.png 300w, https:\/\/asdesgreensdeugenie.fr\/wp-content\/uploads\/2022\/07\/calendrier-2esemestre-2022-asdge-768x543.png 768w, https:\/\/asdesgreensdeugenie.fr\/wp-content\/uploads\/2022\/07\/calendrier-2esemestre-2022-asdge-1536x1086.png 1536w, https:\/\/asdesgreensdeugenie.fr\/wp-content\/uploads\/2022\/07\/calendrier-2esemestre-2022-asdge.png 1604w\" sizes=\"auto, (max-width: 1024px) 100vw, 1024px\" \/><\/figure>\n\n\n\n<p class=\"has-text-align-center has-header-gradient-color has-accent-background-color has-text-color has-background has-large-font-size\"><strong><em>SAISON 2021<\/em><\/strong><\/p>\n\n\n\n<figure class=\"wp-block-image size-large\"><img decoding=\"async\" src=\"https:\/\/asdesgreensdeugenie.fr\/wp-content\/uploads\/2021\/06\/calendrier-des-competitions-definitif-image-524x1024.png\" alt=\"\" class=\"wp-image-612\"\/><\/figure>\n\n\n\n<p><\/p>\n\n\n\n<p><\/p>\n","protected":false},"excerpt":{"rendered":"<p>SAISON 2025\/2026 CHAMPIONNAT DES LANDES 2025 INSCRIPTIONS AU CLUB HOUSE OU AUPRES DE ALAIN GOURGUES SAISON 2024\/2025 CHAMPIONNAT DES LANDES 2024 LA FINALE EST PREVUE LE 23 FEVRIER 2025 SUR LE GOLF DE SEIGNOSSE Amicale s\u00e9niors 1\u00e8re date : 28 MARS D\u00e9placement \u00e0 EAUZE 2\u00e8 date : 04 Avril R\u00e9ception [&hellip;]<\/p>\n","protected":false},"author":3,"featured_media":2115,"parent":0,"menu_order":0,"comment_status":"closed","ping_status":"closed","template":"","meta":{"footnotes":""},"class_list":["post-363","page","type-page","status-publish","has-post-thumbnail","hentry"],"_links":{"self":[{"href":"https:\/\/asdesgreensdeugenie.fr\/index.php\/wp-json\/wp\/v2\/pages\/363","targetHints":{"allow":["GET"]}}],"collection":[{"href":"https:\/\/asdesgreensdeugenie.fr\/index.php\/wp-json\/wp\/v2\/pages"}],"about":[{"href":"https:\/\/asdesgreensdeugenie.fr\/index.php\/wp-json\/wp\/v2\/types\/page"}],"author":[{"embeddable":true,"href":"https:\/\/asdesgreensdeugenie.fr\/index.php\/wp-json\/wp\/v2\/users\/3"}],"replies":[{"embeddable":true,"href":"https:\/\/asdesgreensdeugenie.fr\/index.php\/wp-json\/wp\/v2\/comments?post=363"}],"version-history":[{"count":24,"href":"https:\/\/asdesgreensdeugenie.fr\/index.php\/wp-json\/wp\/v2\/pages\/363\/revisions"}],"predecessor-version":[{"id":3084,"href":"https:\/\/asdesgreensdeugenie.fr\/index.php\/wp-json\/wp\/v2\/pages\/363\/revisions\/3084"}],"wp:featuredmedia":[{"embeddable":true,"href":"https:\/\/asdesgreensdeugenie.fr\/index.php\/wp-json\/wp\/v2\/media\/2115"}],"wp:attachment":[{"href":"https:\/\/asdesgreensdeugenie.fr\/index.php\/wp-json\/wp\/v2\/media?parent=363"}],"curies":[{"name":"wp","href":"https:\/\/api.w.org\/{rel}","templated":true}]}}